{"id":132,"date":"2017-11-13T19:53:06","date_gmt":"2017-11-13T18:53:06","guid":{"rendered":"http:\/\/www.aufgeschnuert.at\/?page_id=132"},"modified":"2021-02-01T23:12:26","modified_gmt":"2021-02-01T22:12:26","slug":"startseite","status":"publish","type":"page","link":"http:\/\/sorgenwerkstatt.at\/","title":{"rendered":"Startseite"},"content":{"rendered":"<div id=\"pl-132\"  class=\"panel-layout\" ><div id=\"pg-132-0\"  class=\"panel-grid panel-no-style\" ><div id=\"pgc-132-0-0\"  class=\"panel-grid-cell\" ><div id=\"panel-132-0-0-0\" class=\"so-panel widget widget_sow-image panel-first-child panel-last-child\" data-index=\"0\" ><div class=\"so-widget-sow-image so-widget-sow-image-default-4b231843ec72\">\n\n<div class=\"sow-image-container\">\n\t<img src=\"http:\/\/sorgenwerkstatt.at\/wp-content\/uploads\/2017\/11\/Startbild.jpg\" width=\"640\" height=\"480\" srcset=\"http:\/\/sorgenwerkstatt.at\/wp-content\/uploads\/2017\/11\/Startbild.jpg 640w, http:\/\/sorgenwerkstatt.at\/wp-content\/uploads\/2017\/11\/Startbild-300x225.jpg 300w\" sizes=\"(max-width: 640px) 100vw, 640px\" alt=\"Aufschn\u00fcrt \u2013 Gina Oberm\u00fcller-Singer\" \t\tclass=\"so-widget-image\"\/>\n<\/div>\n\n<\/div><\/div><\/div><\/div><div id=\"pg-132-1\"  class=\"panel-grid panel-no-style\" ><div id=\"pgc-132-1-0\"  class=\"panel-grid-cell panel-grid-cell-empty\" ><\/div><div id=\"pgc-132-1-1\"  class=\"panel-grid-cell panel-grid-cell-mobile-last\" ><div id=\"panel-132-1-1-0\" class=\"so-panel widget widget_text panel-first-child panel-last-child\" data-index=\"1\" >\t\t\t<div class=\"textwidget\"><h3>Wenn du am Morgen erwachst, denk dar\u00fcber nach, was f\u00fcr ein k\u00f6stlicher Schatz es doch ist, zu leben, zu atmen und sich freuen zu k\u00f6nnen. (Marc Aurel) <\/h3>\n<\/div>\n\t\t<\/div><\/div><div id=\"pgc-132-1-2\"  class=\"panel-grid-cell panel-grid-cell-empty\" ><\/div><\/div><div id=\"pg-132-2\"  class=\"panel-grid panel-no-style\" ><div id=\"pgc-132-2-0\"  class=\"panel-grid-cell panel-grid-cell-empty\" ><\/div><div id=\"pgc-132-2-1\"  class=\"panel-grid-cell panel-grid-cell-mobile-last\" ><div id=\"panel-132-2-1-0\" class=\"so-panel widget widget_text panel-first-child panel-last-child\" data-index=\"2\" ><h3 class=\"widget-title\">Gina Novotny-Singer<\/h3>\t\t\t<div class=\"textwidget\"><p>\nGina Novotny-Singer, vormals Oberm\u00fcller, ist Diplomierte Lebens- und Sozialberaterin, Akademisch gepr\u00fcfte Expertin in Gartentherapie, Supervisorin, Trainerin und Coach.<\/p>\n<p>\n<a href=\"http:\/\/www.cl-team.at\/\">CL Au\u00dfengerichtliche Konfliktl\u00f6sung in Familie und Wirtschaft<\/a><br \/>\nBurnout - Resilienzberatung und Workshops<br \/>\nZeit. i. ROMPC Traumatherapie<\/p>\n<p>LINKS<br \/>\n<a href=\"http:\/\/www.cl-team.at\/\">CL Au\u00dfengerichtliche Konfliktl\u00f6sung<\/a><br \/>\n<a href=\"http:\/\/www.pro-homine.at\/\">pro-Homie<\/a><br \/>\n<a href=\"http:\/\/www.fair-trennen.at\/\">FAIR trennen<\/a><br \/>\n<a href=\"http:\/\/www.avansa.eu\/\">Avansa<\/a><\/p>\n<\/div>\n\t\t<\/div><\/div><div id=\"pgc-132-2-2\"  class=\"panel-grid-cell panel-grid-cell-empty\" ><\/div><\/div><div id=\"pg-132-3\"  class=\"panel-grid panel-no-style\" ><div id=\"pgc-132-3-0\"  class=\"panel-grid-cell panel-grid-cell-empty\" ><\/div><div id=\"pgc-132-3-1\"  class=\"panel-grid-cell panel-grid-cell-mobile-last\" ><div id=\"panel-132-3-1-0\" class=\"so-panel widget widget_text panel-first-child panel-last-child\" data-index=\"3\" ><h3 class=\"widget-title\">Kontaktieren Sie mich f\u00fcr ein kostenloses Kennenlerngespr\u00e4ch!<\/h3>\t\t\t<div class=\"textwidget\"><div role=\"form\" class=\"wpcf7\" id=\"wpcf7-f45-o1\" lang=\"de-DE\" dir=\"ltr\">\n<div class=\"screen-reader-response\" role=\"alert\" aria-live=\"polite\"><\/div>\n<form action=\"\/index.php?rest_route=%2Fwp%2Fv2%2Fpages%2F132#wpcf7-f45-o1\" method=\"post\" class=\"wpcf7-form init\" novalidate=\"novalidate\">\n<div style=\"display: none;\">\n<input type=\"hidden\" name=\"_wpcf7\" value=\"45\" \/><br \/>\n<input type=\"hidden\" name=\"_wpcf7_version\" value=\"5.2.2\" \/><br \/>\n<input type=\"hidden\" name=\"_wpcf7_locale\" value=\"de_DE\" \/><br \/>\n<input type=\"hidden\" name=\"_wpcf7_unit_tag\" value=\"wpcf7-f45-o1\" \/><br \/>\n<input type=\"hidden\" name=\"_wpcf7_container_post\" value=\"0\" \/><br \/>\n<input type=\"hidden\" name=\"_wpcf7_posted_data_hash\" value=\"\" \/>\n<\/div>\n<p><label> Ihr Name*<br \/>\n    <span class=\"wpcf7-form-control-wrap your-name\"><input type=\"text\" name=\"your-name\" value=\"\" size=\"40\" class=\"wpcf7-form-control wpcf7-text wpcf7-validates-as-required\" aria-required=\"true\" aria-invalid=\"false\" \/><\/span> <\/label><\/p>\n<p><label> Ihre E-Mail-Adresse*<br \/>\n    <span class=\"wpcf7-form-control-wrap your-email\"><input type=\"email\" name=\"your-email\" value=\"\" size=\"40\" class=\"wpcf7-form-control wpcf7-text wpcf7-email wpcf7-validates-as-required wpcf7-validates-as-email\" aria-required=\"true\" aria-invalid=\"false\" \/><\/span> <\/label><\/p>\n<p><label> Betreff<br \/>\n    <span class=\"wpcf7-form-control-wrap your-subject\"><input type=\"text\" name=\"your-subject\" value=\"\" size=\"40\" class=\"wpcf7-form-control wpcf7-text\" aria-invalid=\"false\" \/><\/span> <\/label><\/p>\n<p><label> Ihre Nachricht<br \/>\n    <span class=\"wpcf7-form-control-wrap your-message\"><textarea name=\"your-message\" cols=\"40\" rows=\"10\" class=\"wpcf7-form-control wpcf7-textarea\" aria-invalid=\"false\"><\/textarea><\/span> <\/label><\/p>\n<p><input type=\"submit\" value=\"Senden\" class=\"wpcf7-form-control wpcf7-submit\" \/><\/p>\n<div class=\"wpcf7-response-output\" role=\"alert\" aria-hidden=\"true\"><\/div>\n<\/form>\n<\/div>\n<\/div>\n\t\t<\/div><\/div><div id=\"pgc-132-3-2\"  class=\"panel-grid-cell panel-grid-cell-empty\" ><\/div><\/div><\/div>","protected":false},"excerpt":{"rendered":"<p>Wenn du am Morgen erwachst, denk dar\u00fcber nach, was f\u00fcr ein k\u00f6stlicher Schatz es doch ist, zu leben, zu atmen und sich freuen zu k\u00f6nnen. (Marc Aurel)<\/p>\n","protected":false},"author":1,"featured_media":0,"parent":0,"menu_order":0,"comment_status":"closed","ping_status":"closed","template":"","meta":[],"amp_validity":null,"amp_enabled":false,"_links":{"self":[{"href":"http:\/\/sorgenwerkstatt.at\/index.php?rest_route=\/wp\/v2\/pages\/132"}],"collection":[{"href":"http:\/\/sorgenwerkstatt.at\/index.php?rest_route=\/wp\/v2\/pages"}],"about":[{"href":"http:\/\/sorgenwerkstatt.at\/index.php?rest_route=\/wp\/v2\/types\/page"}],"author":[{"embeddable":true,"href":"http:\/\/sorgenwerkstatt.at\/index.php?rest_route=\/wp\/v2\/users\/1"}],"replies":[{"embeddable":true,"href":"http:\/\/sorgenwerkstatt.at\/index.php?rest_route=%2Fwp%2Fv2%2Fcomments&post=132"}],"version-history":[{"count":25,"href":"http:\/\/sorgenwerkstatt.at\/index.php?rest_route=\/wp\/v2\/pages\/132\/revisions"}],"predecessor-version":[{"id":320,"href":"http:\/\/sorgenwerkstatt.at\/index.php?rest_route=\/wp\/v2\/pages\/132\/revisions\/320"}],"wp:attachment":[{"href":"http:\/\/sorgenwerkstatt.at\/index.php?rest_route=%2Fwp%2Fv2%2Fmedia&parent=132"}],"curies":[{"name":"wp","href":"https:\/\/api.w.org\/{rel}","templated":true}]}}