{"id":95,"date":"2017-10-25T13:05:21","date_gmt":"2017-10-25T11:05:21","guid":{"rendered":"http:\/\/www.aufgeschnuert.at\/?page_id=95"},"modified":"2021-02-01T23:07:13","modified_gmt":"2021-02-01T22:07:13","slug":"ueber-mich","status":"publish","type":"page","link":"http:\/\/sorgenwerkstatt.at\/?page_id=95","title":{"rendered":"\u00dcber mich"},"content":{"rendered":"<div id=\"pl-95\"  class=\"panel-layout\" ><div id=\"pg-95-0\"  class=\"panel-grid panel-no-style\" ><div id=\"pgc-95-0-0\"  class=\"panel-grid-cell\" ><div id=\"panel-95-0-0-0\" class=\"so-panel widget widget_sow-image panel-first-child panel-last-child\" data-index=\"0\" ><div class=\"so-widget-sow-image so-widget-sow-image-default-4b231843ec72\">\n\n<div class=\"sow-image-container\">\n\t<img src=\"http:\/\/sorgenwerkstatt.at\/wp-content\/uploads\/2017\/10\/WhatsApp-Image-2020-10-13-at-14.00.27-e1603038093560.jpeg\" width=\"1600\" height=\"1024\" srcset=\"http:\/\/sorgenwerkstatt.at\/wp-content\/uploads\/2017\/10\/WhatsApp-Image-2020-10-13-at-14.00.27-e1603038093560.jpeg 1600w, http:\/\/sorgenwerkstatt.at\/wp-content\/uploads\/2017\/10\/WhatsApp-Image-2020-10-13-at-14.00.27-e1603038093560-300x192.jpeg 300w, http:\/\/sorgenwerkstatt.at\/wp-content\/uploads\/2017\/10\/WhatsApp-Image-2020-10-13-at-14.00.27-e1603038093560-768x492.jpeg 768w, http:\/\/sorgenwerkstatt.at\/wp-content\/uploads\/2017\/10\/WhatsApp-Image-2020-10-13-at-14.00.27-e1603038093560-1024x655.jpeg 1024w\" sizes=\"(max-width: 1600px) 100vw, 1600px\" alt=\"\" \t\tclass=\"so-widget-image\"\/>\n<\/div>\n\n\t<h3 class=\"widget-title\"><\/h3><\/div><\/div><\/div><\/div><div id=\"pg-95-1\"  class=\"panel-grid panel-no-style\" ><div id=\"pgc-95-1-0\"  class=\"panel-grid-cell panel-grid-cell-empty\" ><\/div><div id=\"pgc-95-1-1\"  class=\"panel-grid-cell\" ><div id=\"panel-95-1-1-0\" class=\"so-panel widget widget_text panel-first-child panel-last-child\" data-index=\"1\" ><h3 class=\"widget-title\">Gina Novotny-Singer<\/h3>\t\t\t<div class=\"textwidget\"><p>\nGina Novotny-Singer, vormals Oberm\u00fcller, ist Diplomierte Lebens- und Sozialberaterin, Akademisch gepr\u00fcfte Expertin in Gartentherapie, Supervisorin, Trainerin und Coach.<\/p>\n<p>\n<a href=\"http:\/\/www.cl-team.at\/\">CL Au\u00dfengerichtliche Konfliktl\u00f6sung in Familie und Wirtschaft<\/a><br \/>\nBurnout - Resilienzberatung und Workshops<br \/>\nZeit. i. ROMPC Traumatherapie<\/p>\n<p>LINKS<br \/>\n<a href=\"http:\/\/www.cl-team.at\/\">CL Au\u00dfengerichtliche Konfliktl\u00f6sung<\/a><br \/>\n<a href=\"http:\/\/www.pro-homine.at\/\">pro-Homie<\/a><br \/>\n<a href=\"http:\/\/www.fair-trennen.at\/\">FAIR trennen<\/a><br \/>\n<a href=\"http:\/\/www.avansa.eu\/\">Avansa<\/a><\/p>\n<\/div>\n\t\t<\/div><\/div><div id=\"pgc-95-1-2\"  class=\"panel-grid-cell\" ><div id=\"panel-95-1-2-0\" class=\"so-panel widget widget_sow-image panel-first-child panel-last-child\" data-index=\"2\" ><div class=\"panel-widget-style panel-widget-style-for-95-1-2-0\" ><div class=\"so-widget-sow-image so-widget-sow-image-default-d6014b76747a\">\n\n<div class=\"sow-image-container\">\n\t<img src=\"http:\/\/sorgenwerkstatt.at\/wp-content\/uploads\/2017\/10\/gina.png\" width=\"700\" height=\"1054\" srcset=\"http:\/\/sorgenwerkstatt.at\/wp-content\/uploads\/2017\/10\/gina.png 700w, http:\/\/sorgenwerkstatt.at\/wp-content\/uploads\/2017\/10\/gina-199x300.png 199w, http:\/\/sorgenwerkstatt.at\/wp-content\/uploads\/2017\/10\/gina-680x1024.png 680w\" sizes=\"(max-width: 700px) 100vw, 700px\" alt=\"\" \t\tclass=\"so-widget-image\"\/>\n<\/div>\n\n<\/div><\/div><\/div><\/div><\/div><div id=\"pg-95-2\"  class=\"panel-grid panel-no-style\" ><div id=\"pgc-95-2-0\"  class=\"panel-grid-cell panel-grid-cell-empty\" ><\/div><div id=\"pgc-95-2-1\"  class=\"panel-grid-cell panel-grid-cell-mobile-last\" ><div id=\"panel-95-2-1-0\" class=\"so-panel widget widget_text panel-first-child panel-last-child\" data-index=\"3\" ><h3 class=\"widget-title\">\u201eDas Leben ein Geschenk?\u201c<\/h3>\t\t\t<div class=\"textwidget\"><p>Meine Hand streicht \u00fcber die verschiedenen Kr\u00e4uter, die von A\u2013Z bis zur Spitze der imposanten Kr\u00e4uterspirale f\u00fchren. Oben ein wunderbarer Ausblick. Bunt verf\u00e4rbte Weinberge rundherum. Ich atme den Duft der Pflanzen. Schlie\u00dfe die Augen. Ein Moment der Stille umf\u00e4ngt mich.<\/p>\n<p>Einatmen, ausatmen, erinnern, die W\u00e4rme der Herbstsonne auf der Haut sp\u00fcren. Vor meinem inneren Auge sehe ich uns beide, Mama, du und ich Hand in Hand. Ich ganz klein, du erkl\u00e4rst mir die Pflanzen und dazu f\u00e4llt dir ein Gedicht von K. H. Waggerl ein. Wir sagen es immer wieder, wir beide . . .<\/p>\n<p>Viele Jahre sp\u00e4ter dieselbe Szene. Ich halte dich an der Hand. Woran du dich noch erinnerst, ist der Duft der Pflanzen und das Gedicht. Wir sagen es immer wieder, an mehr erinnerst du dich nicht mehr. Du bist fr\u00fchdement geworden und ein paar Jahre sp\u00e4ter bist du tot. Uns blieben nur mehr ein paar Augenblicke. Sie haben sich eingebrannt in meiner Erinnerung. Das ist das, was von dir bleibt.<\/p>\n<p>Dazwischen viele Jahre Suche.<\/p>\n<p>Die Erinnerungen an dich und meine Kindheit waren nicht nur von liebevoller Zuwendung gepr\u00e4gt. Viel habe ich dir verziehen im Laufe der Jahre und versucht, aus dem Guten, das es auch gab, St\u00e4rken und Ressourcen zu entwickeln.\u00a0Es ist mir gelungen, glaube ich.<\/p>\n<p>Sinngebend betten sich alle meine Erlebnisse auch in der ehrenamtlichen Arbeit in einer Selbsthilfegruppe f\u00fcr Menschen mit Depressionen ein (Verein pro-homine). Auch du warst depressiv, Mama, die Kriegswirren rund um deine Kindertage haben dich gepr\u00e4gt und uns 3 Kinder gleich mit.<\/p>\n<p>Ich habe viel lernen d\u00fcrfen. Damals h\u00e4tte ich es mir anders gew\u00fcnscht. Was ich ohne dieses Leben nicht h\u00e4tte, ist die Erfahrungen, die ich in meiner Arbeit als Diplomierte Paar-, Lebens- und Sozialberaterin in meiner Praxis umsetzen kann, bei der Begleitung von Menschen dabei, wie aus einem ehemals m\u00fchevollen Leben ein lebenswertes gutes wird, umsetzen kann.<\/p>\n<p>Es braucht Mut, sich anzuvertrauen, und auch Vertrauen zu sich selbst, dass es besser werden kann! Behandeln auch Sie sich selber und Ihr Leben wie ein Geschenk!<\/p>\n<\/div>\n\t\t<\/div><\/div><div id=\"pgc-95-2-2\"  class=\"panel-grid-cell panel-grid-cell-empty\" ><\/div><\/div><\/div>","protected":false},"excerpt":{"rendered":"<p>Gina Novotny-Singer, vormals Oberm\u00fcller, ist Diplomierte Lebens- und Sozialberaterin, Akademisch gepr\u00fcfte Expertin in Gartentherapie, Supervisorin, Trainerin und Coach. CL Au\u00dfengerichtliche Konfliktl\u00f6sung in Familie und Wirtschaft Burnout &#8211; Resilienzberatung und Workshops Zeit. i. ROMPC Traumatherapie LINKS CL Au\u00dfengerichtliche Konfliktl\u00f6sung pro-Homie FAIR trennen Avansa<\/p>\n","protected":false},"author":1,"featured_media":103,"parent":0,"menu_order":0,"comment_status":"closed","ping_status":"closed","template":"","meta":[],"amp_validity":null,"amp_enabled":true,"_links":{"self":[{"href":"http:\/\/sorgenwerkstatt.at\/index.php?rest_route=\/wp\/v2\/pages\/95"}],"collection":[{"href":"http:\/\/sorgenwerkstatt.at\/index.php?rest_route=\/wp\/v2\/pages"}],"about":[{"href":"http:\/\/sorgenwerkstatt.at\/index.php?rest_route=\/wp\/v2\/types\/page"}],"author":[{"embeddable":true,"href":"http:\/\/sorgenwerkstatt.at\/index.php?rest_route=\/wp\/v2\/users\/1"}],"replies":[{"embeddable":true,"href":"http:\/\/sorgenwerkstatt.at\/index.php?rest_route=%2Fwp%2Fv2%2Fcomments&post=95"}],"version-history":[{"count":61,"href":"http:\/\/sorgenwerkstatt.at\/index.php?rest_route=\/wp\/v2\/pages\/95\/revisions"}],"predecessor-version":[{"id":312,"href":"http:\/\/sorgenwerkstatt.at\/index.php?rest_route=\/wp\/v2\/pages\/95\/revisions\/312"}],"wp:featuredmedia":[{"embeddable":true,"href":"http:\/\/sorgenwerkstatt.at\/index.php?rest_route=\/wp\/v2\/media\/103"}],"wp:attachment":[{"href":"http:\/\/sorgenwerkstatt.at\/index.php?rest_route=%2Fwp%2Fv2%2Fmedia&parent=95"}],"curies":[{"name":"wp","href":"https:\/\/api.w.org\/{rel}","templated":true}]}}